{"id":3558,"date":"2026-01-29T13:00:43","date_gmt":"2026-01-29T12:00:43","guid":{"rendered":"https:\/\/leprouvette.com\/?page_id=3558"},"modified":"2026-01-29T13:00:43","modified_gmt":"2026-01-29T12:00:43","slug":"evaluation-2025-de-lutilite-sociale","status":"publish","type":"page","link":"https:\/\/leprouvette.com\/index.php\/evaluation-2025-de-lutilite-sociale\/","title":{"rendered":"\u00c9valuation 2025 de l&rsquo;utilit\u00e9 sociale"},"content":{"rendered":"\n<p>L&rsquo;Eprouvette, c&rsquo;est un lieu : un caf\u00e9, un restaurant, une \u00e9picerie, des animations. C&rsquo;est aussi et surtout un projet qui se veut d&rsquo;utilit\u00e9 sociale, au service des initiatives et des dynamiques du territoire de St Andr\u00e9 des Eaux.\u00a0<\/p>\n\n\n\n<p>Pour mesurer cette utilit\u00e9 sociale, nous avons fait circuler un questionnaire dont voici les r\u00e9sultats. Merci aux 45 personnes qui ont pris le temps d&rsquo;y r\u00e9pondre ! <\/p>\n\n\n\n<figure class=\"wp-block-image size-full\"><img loading=\"lazy\" decoding=\"async\" width=\"778\" height=\"564\" src=\"https:\/\/leprouvette.com\/wp-content\/uploads\/2026\/01\/Age-repondant-et-frequence-frequentation.png\" alt=\"\" class=\"wp-image-3560\" srcset=\"https:\/\/leprouvette.com\/wp-content\/uploads\/2026\/01\/Age-repondant-et-frequence-frequentation.png 778w, https:\/\/leprouvette.com\/wp-content\/uploads\/2026\/01\/Age-repondant-et-frequence-frequentation-300x217.png 300w, https:\/\/leprouvette.com\/wp-content\/uploads\/2026\/01\/Age-repondant-et-frequence-frequentation-768x557.png 768w, https:\/\/leprouvette.com\/wp-content\/uploads\/2026\/01\/Age-repondant-et-frequence-frequentation-160x116.png 160w\" sizes=\"auto, (max-width: 778px) 100vw, 778px\" \/><\/figure>\n\n\n\n<p>Le panel de r\u00e9pondant\u00b7es \u00e9tait majoritairement compos\u00e9 d&rsquo;habitu\u00e9\u00b7es. Pr\u00e8s de la moiti\u00e9 des personnes qui ont r\u00e9pondu fr\u00e9quentent le lieu depuis plus de 5 ans, c&rsquo;est-\u00e0-dire avant la reprise en coop\u00e9rative en mai 2022.<\/p>\n\n\n\n<figure class=\"wp-block-image size-full\"><img loading=\"lazy\" decoding=\"async\" width=\"782\" height=\"519\" src=\"https:\/\/leprouvette.com\/wp-content\/uploads\/2026\/01\/Anciennete-frequentation-et-satisfaction.png\" alt=\"\" class=\"wp-image-3559\" srcset=\"https:\/\/leprouvette.com\/wp-content\/uploads\/2026\/01\/Anciennete-frequentation-et-satisfaction.png 782w, https:\/\/leprouvette.com\/wp-content\/uploads\/2026\/01\/Anciennete-frequentation-et-satisfaction-300x199.png 300w, https:\/\/leprouvette.com\/wp-content\/uploads\/2026\/01\/Anciennete-frequentation-et-satisfaction-768x510.png 768w, https:\/\/leprouvette.com\/wp-content\/uploads\/2026\/01\/Anciennete-frequentation-et-satisfaction-175x116.png 175w\" sizes=\"auto, (max-width: 782px) 100vw, 782px\" \/><\/figure>\n\n\n\n<p>Pour pr\u00e9ciser un peu ces attentes et besoins, nous avons mesur\u00e9 la satisfaction par rapport aux diff\u00e9rents \u00e9l\u00e9ments de l&rsquo;activit\u00e9.<\/p>\n\n\n\n<figure class=\"wp-block-image size-full\"><img loading=\"lazy\" decoding=\"async\" width=\"774\" height=\"724\" src=\"https:\/\/leprouvette.com\/wp-content\/uploads\/2026\/01\/Activite.png\" alt=\"\" class=\"wp-image-3561\" srcset=\"https:\/\/leprouvette.com\/wp-content\/uploads\/2026\/01\/Activite.png 774w, https:\/\/leprouvette.com\/wp-content\/uploads\/2026\/01\/Activite-300x281.png 300w, https:\/\/leprouvette.com\/wp-content\/uploads\/2026\/01\/Activite-768x718.png 768w, https:\/\/leprouvette.com\/wp-content\/uploads\/2026\/01\/Activite-124x116.png 124w\" sizes=\"auto, (max-width: 774px) 100vw, 774px\" \/><\/figure>\n\n\n\n<p>Et quand nous avons demand\u00e9 des pistes d&rsquo;am\u00e9lioration, voici vos retours  :<\/p>\n\n\n\n<ul class=\"wp-block-list\">\n<li>une ouverture le matin (deux mentions)<\/li>\n\n\n\n<li>des ateliers pratiques type <em>repair caf\u00e9<\/em> pour r\u00e9parer son v\u00e9lo, bricoler, de cuisine collective, de couture (deux mentions)<\/li>\n\n\n\n<li>une \u00e9picerie avec une gamme de produits frais plus \u00e9tendue (deux mentions)<\/li>\n\n\n\n<li>une \u00e9picerie plus simple d&rsquo;acc\u00e8s (mentionn\u00e9e une fois, comme les \u00e9l\u00e9ments suivants)<\/li>\n\n\n\n<li>plus de spectacles pour enfant <\/li>\n\n\n\n<li>des temps d&rsquo;\u00e9change autour de la parentalit\u00e9 <\/li>\n\n\n\n<li>de la transparence sur le niveau d&rsquo;engagement \u00e9cologique<\/li>\n\n\n\n<li>des animations le dimanche apr\u00e8s midi : \n<ul class=\"wp-block-list\">\n<li>ateliers cr\u00e9atifs entre adultes qui partagent leur connaissance<\/li>\n\n\n\n<li>contes<\/li>\n\n\n\n<li>jeux de soci\u00e9t\u00e9 <em>(\u00e7a tombe bien, c&rsquo;est le cas un dimanche sur deux !)<\/em><\/li>\n<\/ul>\n<\/li>\n\n\n\n<li>un menu Entr\u00e9e+Plat+Dessert moins cher pour venir plus souvent<\/li>\n\n\n\n<li>des bi\u00e8res bouteilles locales moins ch\u00e8res<\/li>\n\n\n\n<li>une ouverture plus tardive le week-end<\/li>\n\n\n\n<li>un coin enfant (<em>Cl\u00e9mentine a am\u00e9nag\u00e9 deux espaces biblioth\u00e8ques dans un coin de chaque salle)<\/em><\/li>\n\n\n\n<li>des \u00e9v\u00e9nements o\u00f9 se m\u00e9langent des personnes diff\u00e9rentes<\/li>\n\n\n\n<li>un espace cooconing<\/li>\n\n\n\n<li>des spectacles de stand-up<em> (rdv le 14 f\u00e9vrier !)<\/em><\/li>\n\n\n\n<li>accueillir des associations, des collectifs qui ont besoin d&rsquo;un lieu<\/li>\n\n\n\n<li>Faire du lien interg\u00e9n\u00e9rationnel (cf. les m\u00e9moires de St Andr\u00e9)<\/li>\n\n\n\n<li>Offrir un espace de petites annonces locales (pr\u00eat de mat\u00e9riel, \u00e9change de comp\u00e9tences, soutien familial&#8230;)<\/li>\n\n\n\n<li>un espace biblioth\u00e8que \/librairie sur des questions d&rsquo;\u00e9mancipation sociales, de subsistance, de bior\u00e9gionalisme\/territorialisme &#8230; ainsi que des \u00e9changes, d\u00e9bat, conf\u00e9rence sur des sujets de d\u00e9bat politique<\/li>\n<\/ul>\n\n\n\n<p>Ce point nous tient particuli\u00e8rement \u00e0 coeur : la coop\u00e9rative a pour raison d&rsquo;\u00eatre de <strong>\u00ab\u00a0favoriser les rencontres et les \u00e9changes\u00a0\u00bb<\/strong>. D&rsquo;o\u00f9 une seconde s\u00e9rie de positionnement sur le lien social. <\/p>\n\n\n\n<figure class=\"wp-block-image size-full\"><img loading=\"lazy\" decoding=\"async\" width=\"780\" height=\"614\" src=\"https:\/\/leprouvette.com\/wp-content\/uploads\/2026\/01\/Lien-social.png\" alt=\"\" class=\"wp-image-3562\" srcset=\"https:\/\/leprouvette.com\/wp-content\/uploads\/2026\/01\/Lien-social.png 780w, https:\/\/leprouvette.com\/wp-content\/uploads\/2026\/01\/Lien-social-300x236.png 300w, https:\/\/leprouvette.com\/wp-content\/uploads\/2026\/01\/Lien-social-768x605.png 768w, https:\/\/leprouvette.com\/wp-content\/uploads\/2026\/01\/Lien-social-147x116.png 147w\" sizes=\"auto, (max-width: 780px) 100vw, 780px\" \/><\/figure>\n\n\n\n<p>Reviennent \u00e0 4 reprises des remarques ou questionnement sur la mixit\u00e9, le m\u00e9lange, les rencontres entre habitant\u00b7es du territoire, sur l&rsquo;\u00e9ventuelle difficult\u00e9 \u00e0 rassembler au-del\u00e0 des habitu\u00e9s. Ce qui montre bien que cette pr\u00e9occupation est partag\u00e9e par celles et ceux qui fr\u00e9quentent le lieu : nous sommes nombreux\u00b7ses \u00e0 souhaiter ces \u00e9changes, m\u00eame si nous ne parvenons pas toujours \u00e0 ce qu&rsquo;ils aient lieu.<\/p>\n\n\n\n<p>Une personne soul\u00e8ve la question de l&rsquo;acc\u00e8s \u00e0 la route pour les enfants. \u00ab\u00a0Comment penser l&rsquo;ouverture du lieu et leur s\u00e9curit\u00e9 ?\u00a0\u00bb<\/p>\n\n\n\n<p>Nous avons ensuite abord\u00e9 le th\u00e8me de la participation, parce que nous voulons que ce projet soit \u00ab\u00a0au service des dynamiques sur le territoire\u00a0\u00bb mais aussi parce que nous croyons, ou plut\u00f4t faisons l&rsquo;exp\u00e9rience, de la force du collectif. Sans la participation des membres actifs, qui prend plein de formes diff\u00e9rentes, il ne serait pas possible de mener toutes ces activit\u00e9s ! Merci \u00e0 celles et ceux qui contribuent, \u00e0 leur mani\u00e8re, par exemple en donnant leur avis : car si nous voulons plus d&rsquo;ouverture, \u00e7a commence par entendre diff\u00e9rents points de vue. <\/p>\n\n\n\n<figure class=\"wp-block-image size-full\"><img loading=\"lazy\" decoding=\"async\" width=\"764\" height=\"500\" src=\"https:\/\/leprouvette.com\/wp-content\/uploads\/2026\/01\/Participation.png\" alt=\"\" class=\"wp-image-3564\" srcset=\"https:\/\/leprouvette.com\/wp-content\/uploads\/2026\/01\/Participation.png 764w, https:\/\/leprouvette.com\/wp-content\/uploads\/2026\/01\/Participation-300x196.png 300w, https:\/\/leprouvette.com\/wp-content\/uploads\/2026\/01\/Participation-177x116.png 177w\" sizes=\"auto, (max-width: 764px) 100vw, 764px\" \/><\/figure>\n\n\n\n<p>Sur ce dernier point les commentaires sont tr\u00e8s divers :<\/p>\n\n\n\n<ul class=\"wp-block-list\">\n<li>\u00ab\u00a0Je participe dans ce que je peux. J&rsquo;ai \u00e0 c\u0153ur de faire vivre l&rsquo;\u00e9picerie, lieu o\u00f9 j ai fait bcp de rencontres au poste d&rsquo;\u00e9picier\u00b7\u00e8re. Je fais des kms mais je vois des gens cool et simples rassembl\u00e9s autour de m\u00eames valeurs, du manger sain. Participer \u00e0 la commission \u00e9picerie est valorisant, je suis heureuse de participer \u00e0 ce mod\u00e8le \u00e9conomique loin de la grande distribution\u2026<\/li>\n\n\n\n<li>\u00ab\u00a0Je n&rsquo;ai pas envie de participer r\u00e9ellement \u00e0 la vie du lieu. Je suis ok pour filer des petits coups de main de temps en temps mais je consid\u00e8re que l&rsquo;\u00e9prouvette est un commerce et que je peux b\u00e9n\u00e9ficier de ses activit\u00e9s sans avoir \u00e0 m&rsquo;y impliquer.\u00a0\u00bb<\/li>\n\n\n\n<li>\u00ab\u00a0Pour l\u2019instant je n\u2019ai pas le temps de m\u2019y investir mais j\u2019esp\u00e8re le faire plus tard\u00a0\u00bb<\/li>\n\n\n\n<li>\u00ab\u00a0Je n&rsquo; ai pas r\u00e9ussi \u00e0 m&rsquo;adapter et m&rsquo;int\u00e9grer dans la gouvernance. Peut \u00eatre un chantier \u00e0 ouvrir : La gouvernance de l&rsquo;\u00e9prouvette pour les nuls (ouverture, formation, inclusion\u2026)\u00a0\u00bb<\/li>\n\n\n\n<li>\u00ab\u00a0Fi\u00e8re de faire partie de ce projet \u00e0 mon \u00e9chelle soci\u00e9taire coop\u00e9rative et groupe de travail pour la nouvelle association l&rsquo;\u00e9picerie de l&rsquo;Eprouvette\u2026\u00a0\u00bb<\/li>\n\n\n\n<li>\u00ab\u00a0Je trouve que \u00e7a donne envie de s&rsquo;investir, mais je manque de temps pour le moment pour le faire.\u00a0\u00bb<\/li>\n\n\n\n<li>\u00ab\u00a0J&rsquo;aimerais avoir une meilleure compr\u00e9hension et visibilit\u00e9 de la qualit\u00e9 de vie au travail\u00a0et du mod\u00e8le \u00e9conomique global du lieu \u00ab\u00a0<\/li>\n<\/ul>\n\n\n\n<p>Terminons avec un immense <strong>merci <\/strong>pour tous les messages d&rsquo;encouragements re\u00e7us gr\u00e2ce \u00e0 ce questionnaire !<\/p>\n\n\n\n<div class=\"wp-block-group is-layout-grid wp-container-core-group-is-layout-9649a0d9 wp-block-group-is-layout-grid\">\n<p class=\"has-text-align-center\">\u00a0Un grand bravo \u00e0 l&rsquo;\u00e9quipe en place, aux salari\u00e9\u2022e\u2022s et aux b\u00e9n\u00e9voles pour faire vivre ce lieu et lui donner les moyens de fonctionner&#8230; Rien de plus \u00e0 ajouter.<br><\/p>\n\n\n\n<p class=\"has-text-align-center\">Lieu social et convivial interg\u00e9n\u00e9rationnel culturel en toute simplicit\u00e9<br>&#8212;-<br>Je trouve ce lieu super<br>&#8212;<br>Un accueil toujours au top !<\/p>\n\n\n\n<p class=\"has-text-align-center\">Maintenant que l&rsquo;Eprouvette dispose de locaux qui r\u00e9pondent \u00e0 ses besoins, je lui souhaite de pouvoir continuer et amplifier ses activit\u00e9s.<\/p>\n\n\n\n<p class=\"has-text-align-center\">Tr\u00e8s contente de tout ce qui s&rsquo;y passe et se propose. Malgr\u00e9 que je viens souvent, je ne viens pas forc\u00e9ment au moment des \u00e9v\u00e9nements, des ateliers parce pas vraiment dispo mais \u00e7a donne envie&#8230;<\/p>\n\n\n\n<p class=\"has-text-align-center\">Globalement \u00e7a va bien au-del\u00e0 de mes besoins, quel cadeau !!<\/p>\n\n\n\n<p class=\"has-text-align-center\">On peut pas tout faire, l&rsquo;approche \u00ab\u00a0culture\u00a0\u00bb reste vraiment super<\/p>\n\n\n\n<p class=\"has-text-align-center\">Le projet de Laep c&rsquo;est top, j&rsquo;esp\u00e8re qu&rsquo;il va se faire.<\/p>\n\n\n\n<p class=\"has-text-align-center wp-container-content-69bc4bdf\">L&rsquo;\u00e9quipe est magique, pleine de tendresse et d&rsquo;attentions !\u00a0<\/p>\n\n\n\n<p class=\"has-text-align-center\">Toujours un super accueil, de l&rsquo;attention, on se sent bien \u00e0 l&rsquo;Eprouvette et nos enfants aussi. On s&rsquo;y retrouve et s&rsquo;y ressource, quelle chance !<\/p>\n\n\n\n<p class=\"has-text-align-center wp-container-content-69bc4bdf\">Merci pour tout ce que vous fa\u00eetes !!! Merci de mettre l&rsquo;\u00e9thique, la joie de vivre et le lien humain au premier plan de vos activit\u00e9s. Un lieu et une \u00e9quipe inspirants !<\/p>\n\n\n\n<p class=\"has-text-align-center wp-container-content-69bc4bdf\">Merci \u00e0 tous\u00b7tes d&rsquo;avoir mont\u00e9 ce projet d\u00e9couvert par hasard au gr\u00e9 d&rsquo;une balade \u00e0 B\u00e9tineuc !<br><\/p>\n\n\n\n<p class=\"has-text-align-center\">Merci de faire, de proposer, d&rsquo;essayer, de montrer qu&rsquo;on peut avancer avec d&rsquo;autres mod\u00e8les !<br>&#8212;-<br>Continuez comme \u00e7a&#8230;<\/p>\n<\/div>\n\n\n\n<p><\/p>\n","protected":false},"excerpt":{"rendered":"<p>L&rsquo;Eprouvette, c&rsquo;est un lieu : un caf\u00e9, un restaurant, une \u00e9picerie, des animations. C&rsquo;est aussi et surtout un projet qui se veut d&rsquo;utilit\u00e9 sociale, au service des initiatives et des dynamiques du territoire de St Andr\u00e9 des Eaux.\u00a0 Pour mesurer cette utilit\u00e9 sociale, nous avons fait circuler un questionnaire dont voici les r\u00e9sultats. Merci aux 45 personnes qui ont pris\u2026<\/p>\n","protected":false},"author":7,"featured_media":0,"parent":0,"menu_order":0,"comment_status":"closed","ping_status":"closed","template":"","meta":{"_acf_changed":false,"_eb_attr":"","footnotes":""},"class_list":["post-3558","page","type-page","status-publish","hentry"],"acf":[],"jetpack_sharing_enabled":true,"_links":{"self":[{"href":"https:\/\/leprouvette.com\/index.php\/wp-json\/wp\/v2\/pages\/3558","targetHints":{"allow":["GET"]}}],"collection":[{"href":"https:\/\/leprouvette.com\/index.php\/wp-json\/wp\/v2\/pages"}],"about":[{"href":"https:\/\/leprouvette.com\/index.php\/wp-json\/wp\/v2\/types\/page"}],"author":[{"embeddable":true,"href":"https:\/\/leprouvette.com\/index.php\/wp-json\/wp\/v2\/users\/7"}],"replies":[{"embeddable":true,"href":"https:\/\/leprouvette.com\/index.php\/wp-json\/wp\/v2\/comments?post=3558"}],"version-history":[{"count":1,"href":"https:\/\/leprouvette.com\/index.php\/wp-json\/wp\/v2\/pages\/3558\/revisions"}],"predecessor-version":[{"id":3565,"href":"https:\/\/leprouvette.com\/index.php\/wp-json\/wp\/v2\/pages\/3558\/revisions\/3565"}],"wp:attachment":[{"href":"https:\/\/leprouvette.com\/index.php\/wp-json\/wp\/v2\/media?parent=3558"}],"curies":[{"name":"wp","href":"https:\/\/api.w.org\/{rel}","templated":true}]}}